{"id":2892,"date":"2022-12-05T21:16:10","date_gmt":"2022-12-05T21:16:10","guid":{"rendered":"http:\/\/www.komunikaciksobebliz.cz\/?page_id=2892"},"modified":"2025-08-31T14:34:46","modified_gmt":"2025-08-31T14:34:46","slug":"kurzy-forma","status":"publish","type":"page","link":"https:\/\/www.komunikaciksobebliz.cz\/?page_id=2892","title":{"rendered":"indi detail"},"content":{"rendered":"\n<div class=\"wp-block-columns is-layout-flex wp-container-core-columns-is-layout-9d6595d7 wp-block-columns-is-layout-flex\">\n<div class=\"wp-block-column is-layout-flow wp-block-column-is-layout-flow\" style=\"flex-basis:25%\">\n<h2 class=\"wp-block-heading alignwide has-text-align-center has-text-color has-background\" style=\"color:#620101;background:radial-gradient(rgb(248,241,224) 0%,rgb(239,225,198) 44%,rgb(222,196,162) 100%);font-size:20px\"><strong>ROZSAH<\/strong>                     <\/h2>\n<\/div>\n\n\n\n<div class=\"wp-block-column has-white-background-color has-background is-layout-flow wp-block-column-is-layout-flow\" style=\"flex-basis:75%\">\n<p class=\"has-text-color\" style=\"color:#451906c2;font-size:18px\">Setk\u00e1n\u00ed pro empaticky reflektuj\u00edc\u00ed naslouch\u00e1n\u00ed je standardn\u011b na <strong>60 minut<\/strong>.<\/p>\n\n\n\n<p class=\"has-text-color\" style=\"color:#451906c2;font-size:18px\">Individu\u00e1ln\u00ed lekce jsou podle domluvy v d\u00e9lce <strong>60-120 minut<\/strong>.<\/p>\n<\/div>\n<\/div>\n\n\n\n<div style=\"height:9px\" aria-hidden=\"true\" class=\"wp-block-spacer\"><\/div>\n\n\n\n<hr class=\"wp-block-separator has-text-color has-alpha-channel-opacity has-background is-style-default\" style=\"background-color:#efe1c6;color:#efe1c6\"\/>\n\n\n\n<div style=\"height:25px\" aria-hidden=\"true\" class=\"wp-block-spacer\"><\/div>\n\n\n\n<div class=\"wp-block-columns is-layout-flex wp-container-core-columns-is-layout-9d6595d7 wp-block-columns-is-layout-flex\">\n<div class=\"wp-block-column is-layout-flow wp-block-column-is-layout-flow\" style=\"flex-basis:25%\">\n<p><\/p>\n\n\n\n<h2 class=\"wp-block-heading\"><\/h2>\n\n\n\n<p><\/p>\n\n\n\n<h2 class=\"wp-block-heading alignwide has-text-align-center has-text-color has-background\" style=\"color:#620101;background:radial-gradient(rgb(248,241,224) 0%,rgb(239,225,198) 44%,rgb(222,196,162) 100%);font-size:20px\"><strong>M\u00cdSTO<\/strong><\/h2>\n<\/div>\n\n\n\n<div class=\"wp-block-column is-layout-flow wp-block-column-is-layout-flow\" style=\"flex-basis:75%\">\n<p class=\"has-text-color\" style=\"color:#451906c2;font-size:18px\">Setkat se m\u016f\u017eeme <strong>on-line i osobn\u011b<\/strong>, podle domluvy.<\/p>\n\n\n\n<p class=\"has-text-color\" style=\"color:#451906c2;font-size:18px\"><strong>On-line<\/strong> forma umo\u017e\u0148uje v\u011bt\u0161\u00ed \u010dasovou flexibilitu a \u00fasporu \u010dasu nutnou pro cestov\u00e1n\u00ed. Pot\u0159ebujete si pro tato setk\u00e1n\u00ed <strong>zajistit<\/strong> neru\u0161en\u00fd \u010das pro sebe, po\u010d\u00edta\u010d s p\u0159ipojen\u00edm k <strong>internetu<\/strong> a alespo\u0148 metr prostoru kolem sebe pro p\u0159\u00edpadn\u00e1 fyzick\u00e1 cvi\u010den\u00ed.&nbsp;<\/p>\n\n\n\n<p class=\"has-text-color\" style=\"color:#451906c2;font-size:18px\"><strong>Osobn\u00ed <\/strong>setk\u00e1n\u00ed prob\u00edhaj\u00ed v&nbsp;<strong>Praze.<\/strong>&nbsp;Pokud to po\u010das\u00ed dovol\u00ed setk\u00e1v\u00e1me se v p\u0159\u00edrodn\u00edm prost\u0159ed\u00ed parku.<\/p>\n<\/div>\n<\/div>\n\n\n\n<hr class=\"wp-block-separator has-text-color has-alpha-channel-opacity has-background is-style-default\" style=\"background-color:#efe1c6;color:#efe1c6\"\/>\n\n\n\n<div style=\"height:25px\" aria-hidden=\"true\" class=\"wp-block-spacer\"><\/div>\n\n\n\n<div class=\"wp-block-columns is-layout-flex wp-container-core-columns-is-layout-9d6595d7 wp-block-columns-is-layout-flex\">\n<div class=\"wp-block-column is-layout-flow wp-block-column-is-layout-flow\" style=\"flex-basis:25%\">\n<h2 class=\"wp-block-heading alignwide has-text-align-center has-text-color has-background\" style=\"color:#620101;background:radial-gradient(rgb(248,241,224) 0%,rgb(239,225,198) 44%,rgb(222,196,162) 100%);font-size:20px\"><strong>FREKVENCE<\/strong><\/h2>\n<\/div>\n\n\n\n<div class=\"wp-block-column is-layout-flow wp-block-column-is-layout-flow\" style=\"flex-basis:75%\">\n<p class=\"has-text-color\" style=\"color:#451906c2;font-size:18px\">Pro empaticky reflektuj\u00edc\u00ed naslouch\u00e1n\u00ed je po\u010det i frekvence setk\u00e1n\u00ed \u010dist\u011b na Va\u0161\u00ed pot\u0159eb\u011b. <\/p>\n\n\n\n<p class=\"has-text-color\" style=\"color:#451906c2;font-size:18px\">Pro individu\u00e1ln\u00ed lekce si v\u017edy nejprve vyjasn\u00edme V\u00e1\u0161 c\u00edl a danou dovednost a podle toho domluv\u00edme po\u010det setk\u00e1n\u00ed.<\/p>\n<\/div>\n<\/div>\n\n\n\n<div style=\"height:25px\" aria-hidden=\"true\" class=\"wp-block-spacer\"><\/div>\n\n\n\n<hr class=\"wp-block-separator has-text-color has-alpha-channel-opacity has-background is-style-default\" style=\"background-color:#efe1c6;color:#efe1c6\"\/>\n\n\n\n<div style=\"height:25px\" aria-hidden=\"true\" class=\"wp-block-spacer\"><\/div>\n\n\n\n<div class=\"wp-block-columns is-layout-flex wp-container-core-columns-is-layout-9d6595d7 wp-block-columns-is-layout-flex\">\n<div class=\"wp-block-column is-layout-flow wp-block-column-is-layout-flow\" style=\"flex-basis:25%\">\n<h2 class=\"wp-block-heading alignwide has-text-align-center has-text-color has-background\" style=\"color:#620101;background:radial-gradient(rgb(248,241,224) 0%,rgb(239,225,198) 44%,rgb(222,196,162) 100%);font-size:20px\"><strong>P\u0158EDPOKLAD<\/strong><\/h2>\n<\/div>\n\n\n\n<div class=\"wp-block-column is-layout-flow wp-block-column-is-layout-flow\" style=\"flex-basis:75%\">\n<p class=\"has-text-color\" style=\"color:#451906c2;font-size:18px\">Nenahrazuje terapii. Setk\u00e1n\u00ed nejsou vhodn\u00e1 pro lidi s psychick\u00fdm onemocn\u011bn\u00edm.<\/p>\n<\/div>\n<\/div>\n\n\n\n<hr class=\"wp-block-separator has-text-color has-alpha-channel-opacity has-background is-style-default\" style=\"background-color:#efe1c6;color:#efe1c6\"\/>\n\n\n\n<div style=\"height:25px\" aria-hidden=\"true\" class=\"wp-block-spacer\"><\/div>\n\n\n\n<div class=\"wp-block-columns is-layout-flex wp-container-core-columns-is-layout-9d6595d7 wp-block-columns-is-layout-flex\">\n<div class=\"wp-block-column is-layout-flow wp-block-column-is-layout-flow\" style=\"flex-basis:25%\">\n<h2 class=\"wp-block-heading alignwide has-text-align-center has-text-color has-background\" style=\"color:#620101;background:radial-gradient(rgb(248,241,224) 0%,rgb(239,225,198) 44%,rgb(222,196,162) 100%);font-size:20px\"><strong>TERM\u00cdNY<\/strong><\/h2>\n<\/div>\n\n\n\n<div class=\"wp-block-column is-layout-flow wp-block-column-is-layout-flow\" style=\"flex-basis:75%\">\n<p><\/p>\n\n\n\n<p class=\"has-text-color\" style=\"color:#451906c2;font-size:18px\">Domluvou.<\/p>\n<\/div>\n<\/div>\n\n\n\n<hr class=\"wp-block-separator has-text-color has-alpha-channel-opacity has-background is-style-default\" style=\"background-color:#efe1c6;color:#efe1c6\"\/>\n\n\n\n<div style=\"height:25px\" aria-hidden=\"true\" class=\"wp-block-spacer\"><\/div>\n\n\n\n<div class=\"wp-block-columns is-layout-flex wp-container-core-columns-is-layout-9d6595d7 wp-block-columns-is-layout-flex\">\n<div class=\"wp-block-column is-layout-flow wp-block-column-is-layout-flow\" style=\"flex-basis:25%\">\n<h2 class=\"wp-block-heading alignwide has-text-align-center has-text-color has-background\" style=\"color:#620101;background:radial-gradient(rgb(248,241,224) 0%,rgb(239,225,198) 44%,rgb(222,196,162) 100%);font-size:20px\"><strong>CENA<\/strong><\/h2>\n<\/div>\n\n\n\n<div class=\"wp-block-column is-layout-flow wp-block-column-is-layout-flow\" style=\"flex-basis:75%\">\n<p class=\"has-text-color\" style=\"color:#451906c2;font-size:18px\">Z\u00e1kladn\u00ed\u00a0<strong>cena<\/strong>\u00a0je\u00a01200K\u010d za 60 min.<\/p>\n\n\n\n<p class=\"has-text-color\" style=\"color:#451906c2;font-size:18px\">Slevu 20% nab\u00edz\u00edm lidem ve finan\u010dn\u00ed t\u00edsni.<\/p>\n<\/div>\n<\/div>\n\n\n\n<div style=\"height:25px\" aria-hidden=\"true\" class=\"wp-block-spacer\"><\/div>\n\n\n\n<div style=\"height:31px\" aria-hidden=\"true\" class=\"wp-block-spacer\"><\/div>\n\n\n\n<div class=\"wp-block-buttons is-content-justification-center is-layout-flex wp-container-core-buttons-is-layout-16018d1d wp-block-buttons-is-layout-flex\">\n<div class=\"wp-block-button is-style-outline is-style-outline--1\"><a class=\"wp-block-button__link has-text-color has-background has-custom-font-size wp-element-button\" href=\"http:\/\/www.komunikaciksobebliz.cz\/?page_id=4215\" style=\"color:#620101;background:radial-gradient(rgb(248,241,224) 14%,rgb(230,210,179) 47%,rgb(209,184,154) 100%);font-size:22px\">M\u00c1M Z\u00c1JEM O INDIVIDU\u00c1LN\u00cd DOPROV\u00c1ZEN\u00cd<\/a><\/div>\n<\/div>\n","protected":false},"excerpt":{"rendered":"<p>ROZSAH Setk\u00e1n\u00ed pro empaticky reflektuj\u00edc\u00ed naslouch\u00e1n\u00ed je standardn\u011b na 60 minut. Individu\u00e1ln\u00ed lekce jsou podle domluvy v d\u00e9lce 60-120 minut. M\u00cdSTO Setkat se m\u016f\u017eeme on-line i osobn\u011b, podle domluvy. On-line forma umo\u017e\u0148uje v\u011bt\u0161\u00ed \u010dasovou flexibilitu a \u00fasporu \u010dasu nutnou pro cestov\u00e1n\u00ed. Pot\u0159ebujete si pro tato setk\u00e1n\u00ed zajistit neru\u0161en\u00fd \u010das pro sebe, po\u010d\u00edta\u010d s p\u0159ipojen\u00edm k internetu a alespo\u0148 metr prostoru kolem sebe pro p\u0159\u00edpadn\u00e1 fyzick\u00e1 cvi\u010den\u00ed.&nbsp; Osobn\u00ed setk\u00e1n\u00ed prob\u00edhaj\u00ed v&nbsp;Praze.&nbsp;Pokud to po\u010das\u00ed dovol\u00ed setk\u00e1v\u00e1me se v p\u0159\u00edrodn\u00edm prost\u0159ed\u00ed parku. FREKVENCE [&hellip;]<\/p>\n","protected":false},"author":1,"featured_media":0,"parent":0,"menu_order":0,"comment_status":"closed","ping_status":"closed","template":"","meta":{"footnotes":""},"class_list":["post-2892","page","type-page","status-publish","hentry"],"yoast_head":"<!-- This site is optimized with the Yoast SEO plugin v23.7 - https:\/\/yoast.com\/wordpress\/plugins\/seo\/ -->\n<title>indi detail - KOMUNIKAC\u00cd K SOB\u011a BL\u00cd\u017d<\/title>\n<meta name=\"robots\" content=\"index, follow, max-snippet:-1, max-image-preview:large, max-video-preview:-1\" \/>\n<link rel=\"canonical\" href=\"https:\/\/www.komunikaciksobebliz.cz\/?page_id=2892\" \/>\n<meta property=\"og:locale\" content=\"en_US\" \/>\n<meta property=\"og:type\" content=\"article\" \/>\n<meta property=\"og:title\" content=\"indi detail - KOMUNIKAC\u00cd K SOB\u011a BL\u00cd\u017d\" \/>\n<meta property=\"og:description\" content=\"ROZSAH Setk\u00e1n\u00ed pro empaticky reflektuj\u00edc\u00ed naslouch\u00e1n\u00ed je standardn\u011b na 60 minut. Individu\u00e1ln\u00ed lekce jsou podle domluvy v d\u00e9lce 60-120 minut. M\u00cdSTO Setkat se m\u016f\u017eeme on-line i osobn\u011b, podle domluvy. On-line forma umo\u017e\u0148uje v\u011bt\u0161\u00ed \u010dasovou flexibilitu a \u00fasporu \u010dasu nutnou pro cestov\u00e1n\u00ed. Pot\u0159ebujete si pro tato setk\u00e1n\u00ed zajistit neru\u0161en\u00fd \u010das pro sebe, po\u010d\u00edta\u010d s p\u0159ipojen\u00edm k internetu a alespo\u0148 metr prostoru kolem sebe pro p\u0159\u00edpadn\u00e1 fyzick\u00e1 cvi\u010den\u00ed.&nbsp; Osobn\u00ed setk\u00e1n\u00ed prob\u00edhaj\u00ed v&nbsp;Praze.&nbsp;Pokud to po\u010das\u00ed dovol\u00ed setk\u00e1v\u00e1me se v p\u0159\u00edrodn\u00edm prost\u0159ed\u00ed parku. FREKVENCE [&hellip;]\" \/>\n<meta property=\"og:url\" content=\"https:\/\/www.komunikaciksobebliz.cz\/?page_id=2892\" \/>\n<meta property=\"og:site_name\" content=\"KOMUNIKAC\u00cd K SOB\u011a BL\u00cd\u017d\" \/>\n<meta property=\"article:modified_time\" content=\"2025-08-31T14:34:46+00:00\" \/>\n<meta name=\"twitter:card\" content=\"summary_large_image\" \/>\n<meta name=\"twitter:label1\" content=\"Est. reading time\" \/>\n\t<meta name=\"twitter:data1\" content=\"1 minute\" \/>\n<script type=\"application\/ld+json\" class=\"yoast-schema-graph\">{\"@context\":\"https:\/\/schema.org\",\"@graph\":[{\"@type\":\"WebPage\",\"@id\":\"https:\/\/www.komunikaciksobebliz.cz\/?page_id=2892\",\"url\":\"https:\/\/www.komunikaciksobebliz.cz\/?page_id=2892\",\"name\":\"indi detail - KOMUNIKAC\u00cd K SOB\u011a BL\u00cd\u017d\",\"isPartOf\":{\"@id\":\"http:\/\/www.komunikaciksobebliz.cz\/#website\"},\"datePublished\":\"2022-12-05T21:16:10+00:00\",\"dateModified\":\"2025-08-31T14:34:46+00:00\",\"breadcrumb\":{\"@id\":\"https:\/\/www.komunikaciksobebliz.cz\/?page_id=2892#breadcrumb\"},\"inLanguage\":\"en-US\",\"potentialAction\":[{\"@type\":\"ReadAction\",\"target\":[\"https:\/\/www.komunikaciksobebliz.cz\/?page_id=2892\"]}]},{\"@type\":\"BreadcrumbList\",\"@id\":\"https:\/\/www.komunikaciksobebliz.cz\/?page_id=2892#breadcrumb\",\"itemListElement\":[{\"@type\":\"ListItem\",\"position\":1,\"name\":\"Home\",\"item\":\"https:\/\/www.komunikaciksobebliz.cz\/\"},{\"@type\":\"ListItem\",\"position\":2,\"name\":\"indi detail\"}]},{\"@type\":\"WebSite\",\"@id\":\"http:\/\/www.komunikaciksobebliz.cz\/#website\",\"url\":\"http:\/\/www.komunikaciksobebliz.cz\/\",\"name\":\"KOMUNIKAC\u00cd K SOB\u011a BL\u00cd\u017d\",\"description\":\"\",\"potentialAction\":[{\"@type\":\"SearchAction\",\"target\":{\"@type\":\"EntryPoint\",\"urlTemplate\":\"http:\/\/www.komunikaciksobebliz.cz\/?s={search_term_string}\"},\"query-input\":{\"@type\":\"PropertyValueSpecification\",\"valueRequired\":true,\"valueName\":\"search_term_string\"}}],\"inLanguage\":\"en-US\"}]}<\/script>\n<!-- \/ Yoast SEO plugin. -->","yoast_head_json":{"title":"indi detail - KOMUNIKAC\u00cd K SOB\u011a BL\u00cd\u017d","robots":{"index":"index","follow":"follow","max-snippet":"max-snippet:-1","max-image-preview":"max-image-preview:large","max-video-preview":"max-video-preview:-1"},"canonical":"https:\/\/www.komunikaciksobebliz.cz\/?page_id=2892","og_locale":"en_US","og_type":"article","og_title":"indi detail - KOMUNIKAC\u00cd K SOB\u011a BL\u00cd\u017d","og_description":"ROZSAH Setk\u00e1n\u00ed pro empaticky reflektuj\u00edc\u00ed naslouch\u00e1n\u00ed je standardn\u011b na 60 minut. Individu\u00e1ln\u00ed lekce jsou podle domluvy v d\u00e9lce 60-120 minut. M\u00cdSTO Setkat se m\u016f\u017eeme on-line i osobn\u011b, podle domluvy. On-line forma umo\u017e\u0148uje v\u011bt\u0161\u00ed \u010dasovou flexibilitu a \u00fasporu \u010dasu nutnou pro cestov\u00e1n\u00ed. Pot\u0159ebujete si pro tato setk\u00e1n\u00ed zajistit neru\u0161en\u00fd \u010das pro sebe, po\u010d\u00edta\u010d s p\u0159ipojen\u00edm k internetu a alespo\u0148 metr prostoru kolem sebe pro p\u0159\u00edpadn\u00e1 fyzick\u00e1 cvi\u010den\u00ed.&nbsp; Osobn\u00ed setk\u00e1n\u00ed prob\u00edhaj\u00ed v&nbsp;Praze.&nbsp;Pokud to po\u010das\u00ed dovol\u00ed setk\u00e1v\u00e1me se v p\u0159\u00edrodn\u00edm prost\u0159ed\u00ed parku. FREKVENCE [&hellip;]","og_url":"https:\/\/www.komunikaciksobebliz.cz\/?page_id=2892","og_site_name":"KOMUNIKAC\u00cd K SOB\u011a BL\u00cd\u017d","article_modified_time":"2025-08-31T14:34:46+00:00","twitter_card":"summary_large_image","twitter_misc":{"Est. reading time":"1 minute"},"schema":{"@context":"https:\/\/schema.org","@graph":[{"@type":"WebPage","@id":"https:\/\/www.komunikaciksobebliz.cz\/?page_id=2892","url":"https:\/\/www.komunikaciksobebliz.cz\/?page_id=2892","name":"indi detail - KOMUNIKAC\u00cd K SOB\u011a BL\u00cd\u017d","isPartOf":{"@id":"http:\/\/www.komunikaciksobebliz.cz\/#website"},"datePublished":"2022-12-05T21:16:10+00:00","dateModified":"2025-08-31T14:34:46+00:00","breadcrumb":{"@id":"https:\/\/www.komunikaciksobebliz.cz\/?page_id=2892#breadcrumb"},"inLanguage":"en-US","potentialAction":[{"@type":"ReadAction","target":["https:\/\/www.komunikaciksobebliz.cz\/?page_id=2892"]}]},{"@type":"BreadcrumbList","@id":"https:\/\/www.komunikaciksobebliz.cz\/?page_id=2892#breadcrumb","itemListElement":[{"@type":"ListItem","position":1,"name":"Home","item":"https:\/\/www.komunikaciksobebliz.cz\/"},{"@type":"ListItem","position":2,"name":"indi detail"}]},{"@type":"WebSite","@id":"http:\/\/www.komunikaciksobebliz.cz\/#website","url":"http:\/\/www.komunikaciksobebliz.cz\/","name":"KOMUNIKAC\u00cd K SOB\u011a BL\u00cd\u017d","description":"","potentialAction":[{"@type":"SearchAction","target":{"@type":"EntryPoint","urlTemplate":"http:\/\/www.komunikaciksobebliz.cz\/?s={search_term_string}"},"query-input":{"@type":"PropertyValueSpecification","valueRequired":true,"valueName":"search_term_string"}}],"inLanguage":"en-US"}]}},"_links":{"self":[{"href":"https:\/\/www.komunikaciksobebliz.cz\/index.php?rest_route=\/wp\/v2\/pages\/2892","targetHints":{"allow":["GET"]}}],"collection":[{"href":"https:\/\/www.komunikaciksobebliz.cz\/index.php?rest_route=\/wp\/v2\/pages"}],"about":[{"href":"https:\/\/www.komunikaciksobebliz.cz\/index.php?rest_route=\/wp\/v2\/types\/page"}],"author":[{"embeddable":true,"href":"https:\/\/www.komunikaciksobebliz.cz\/index.php?rest_route=\/wp\/v2\/users\/1"}],"replies":[{"embeddable":true,"href":"https:\/\/www.komunikaciksobebliz.cz\/index.php?rest_route=%2Fwp%2Fv2%2Fcomments&post=2892"}],"version-history":[{"count":41,"href":"https:\/\/www.komunikaciksobebliz.cz\/index.php?rest_route=\/wp\/v2\/pages\/2892\/revisions"}],"predecessor-version":[{"id":4674,"href":"https:\/\/www.komunikaciksobebliz.cz\/index.php?rest_route=\/wp\/v2\/pages\/2892\/revisions\/4674"}],"wp:attachment":[{"href":"https:\/\/www.komunikaciksobebliz.cz\/index.php?rest_route=%2Fwp%2Fv2%2Fmedia&parent=2892"}],"curies":[{"name":"wp","href":"https:\/\/api.w.org\/{rel}","templated":true}]}}